{"id":130041,"date":"2024-02-26T08:38:45","date_gmt":"2024-02-26T07:38:45","guid":{"rendered":"https:\/\/makarska-touristik.com\/villen\/"},"modified":"2024-07-15T09:22:38","modified_gmt":"2024-07-15T07:22:38","slug":"vile","status":"publish","type":"page","link":"https:\/\/makarska-touristik.com\/hr\/vile\/","title":{"rendered":"Vile"},"content":{"rendered":"\t\t<div data-elementor-type=\"wp-page\" data-elementor-id=\"130041\" class=\"elementor elementor-130041 elementor-127866\">\n\t\t\t\t<div class=\"elementor-element elementor-element-30146fe e-flex e-con-boxed e-con e-parent\" data-id=\"30146fe\" data-element_type=\"container\" data-core-v316-plus=\"true\">\n\t\t\t\t\t<div class=\"e-con-inner\">\n\t\t\t\t<div class=\"elementor-element elementor-element-e6172e1 elementor-widget elementor-widget-heading\" data-id=\"e6172e1\" data-element_type=\"widget\" data-widget_type=\"heading.default\">\n\t\t\t\t<div class=\"elementor-widget-container\">\n\t\t\t<style>\/*! elementor - v3.20.0 - 26-03-2024 *\/\n.elementor-heading-title{padding:0;margin:0;line-height:1}.elementor-widget-heading .elementor-heading-title[class*=elementor-size-]>a{color:inherit;font-size:inherit;line-height:inherit}.elementor-widget-heading .elementor-heading-title.elementor-size-small{font-size:15px}.elementor-widget-heading .elementor-heading-title.elementor-size-medium{font-size:19px}.elementor-widget-heading .elementor-heading-title.elementor-size-large{font-size:29px}.elementor-widget-heading .elementor-heading-title.elementor-size-xl{font-size:39px}.elementor-widget-heading .elementor-heading-title.elementor-size-xxl{font-size:59px}<\/style><h1 class=\"elementor-heading-title elementor-size-default\">Na\u0161e Vile<\/h1>\t\t<\/div>\n\t\t\t\t<\/div>\n\t\t\t\t\t<\/div>\n\t\t\t\t<\/div>\n\t\t<div class=\"elementor-element elementor-element-9e5a333 e-flex e-con-boxed e-con e-parent\" data-id=\"9e5a333\" data-element_type=\"container\" data-core-v316-plus=\"true\">\n\t\t\t\t\t<div class=\"e-con-inner\">\n\t\t\t\t<div class=\"elementor-element elementor-element-865959f elementor-widget elementor-widget-babe-all-items\" data-id=\"865959f\" data-element_type=\"widget\" data-widget_type=\"babe-all-items.default\">\n\t\t\t\t<div class=\"elementor-widget-container\">\n\t\t\t\n\t\t\t\t<div class=\"babe_shortcode_block sc_all_items \">\n\t\t\t\t\t<div class=\"babe_shortcode_block_bg_inner\">\n\t\t\t\t\t\t<div class=\"babe_shortcode_block_inner d-grid\">\n\t\t\t\t\t\t\t<div class=\"babe_items babe_items_1 grid-item\">\n    <div class=\"babe_all_items_item_inner\">\n        <div class=\"item_img\">\n            <a class=\"item-thumb\" href=\"https:\/\/makarska-touristik.com\/hr\/p\/vila-rogac-1\/\"><img decoding=\"async\" src=\"https:\/\/makarska-touristik.com\/wp-content\/uploads\/2024\/07\/Vila-Rogac-1-new-1-740x660.jpg\" alt=\"Villa Roga\u010d 1\"><\/a>        <\/div>\n        <div class=\"item_text\">\n            <div class=\"item_title\">\n                <a href=\"https:\/\/makarska-touristik.com\/hr\/p\/vila-rogac-1\/\">Villa Roga\u010d 1<\/a>\n            <\/div>\n                            <div class=\"item_bottom\">\n                    <div class=\"item_info_price\">\n                        <label>od<\/label>\n                        <span class=\"item_info_price_new\"><span class=\"currency_amount\" data-amount=\"650\">650<span class=\"currency_symbol\">&euro;<\/span><\/span><\/span>\n                          \/ no\u0107                                            <\/div>\n                <\/div>\n            \n\n        <\/div>\n    <\/div>\n<\/div><div class=\"babe_items babe_items_1 grid-item\">\n    <div class=\"babe_all_items_item_inner\">\n        <div class=\"item_img\">\n            <a class=\"item-thumb\" href=\"https:\/\/makarska-touristik.com\/hr\/p\/villa-monia\/\"><img decoding=\"async\" src=\"https:\/\/makarska-touristik.com\/wp-content\/uploads\/2022\/05\/Villa-Monia-Monia-44-740x660.jpg\" alt=\"Villa Monia\"><\/a>        <\/div>\n        <div class=\"item_text\">\n            <div class=\"item_title\">\n                <a href=\"https:\/\/makarska-touristik.com\/hr\/p\/villa-monia\/\">Villa Monia<\/a>\n            <\/div>\n                            <div class=\"item_bottom\">\n                    <div class=\"item_info_price\">\n                        <label>od<\/label>\n                        <span class=\"item_info_price_new\"><span class=\"currency_amount\" data-amount=\"600\">600<span class=\"currency_symbol\">&euro;<\/span><\/span><\/span>\n                          \/ no\u0107                                            <\/div>\n                <\/div>\n            \n\n        <\/div>\n    <\/div>\n<\/div><div class=\"babe_items babe_items_1 grid-item\">\n    <div class=\"babe_all_items_item_inner\">\n        <div class=\"item_img\">\n            <a class=\"item-thumb\" href=\"https:\/\/makarska-touristik.com\/hr\/p\/villa-rogac-3\/\"><img decoding=\"async\" src=\"https:\/\/makarska-touristik.com\/wp-content\/uploads\/2025\/01\/2-740x660.jpg\" alt=\"Villa Roga\u010d 3\"><\/a>        <\/div>\n        <div class=\"item_text\">\n            <div class=\"item_title\">\n                <a href=\"https:\/\/makarska-touristik.com\/hr\/p\/villa-rogac-3\/\">Villa Roga\u010d 3<\/a>\n            <\/div>\n                            <div class=\"item_bottom\">\n                    <div class=\"item_info_price\">\n                        <span class=\"item_info_price_new\">Cijena na upit<\/span>\n                    <\/div>\n                <\/div>\n            \n\n        <\/div>\n    <\/div>\n<\/div><div class=\"babe_items babe_items_1 grid-item\">\n    <div class=\"babe_all_items_item_inner\">\n        <div class=\"item_img\">\n            <a class=\"item-thumb\" href=\"https:\/\/makarska-touristik.com\/hr\/p\/villa-aurelia-8\/\"><img decoding=\"async\" src=\"https:\/\/makarska-touristik.com\/wp-content\/uploads\/2022\/05\/Aurelia-8-Makarska-Touristik-740x660.jpg\" alt=\"Villa Aurelia 8\"><\/a>        <\/div>\n        <div class=\"item_text\">\n            <div class=\"item_title\">\n                <a href=\"https:\/\/makarska-touristik.com\/hr\/p\/villa-aurelia-8\/\">Villa Aurelia 8<\/a>\n            <\/div>\n                            <div class=\"item_bottom\">\n                    <div class=\"item_info_price\">\n                        <label>od<\/label>\n                        <span class=\"item_info_price_new\"><span class=\"currency_amount\" data-amount=\"480\">480<span class=\"currency_symbol\">&euro;<\/span><\/span><\/span>\n                          \/ no\u0107                                            <\/div>\n                <\/div>\n            \n\n        <\/div>\n    <\/div>\n<\/div><div class=\"babe_items babe_items_1 grid-item\">\n    <div class=\"babe_all_items_item_inner\">\n        <div class=\"item_img\">\n            <a class=\"item-thumb\" href=\"https:\/\/makarska-touristik.com\/hr\/p\/villa-aurelia-6\/\"><img decoding=\"async\" src=\"https:\/\/makarska-touristik.com\/wp-content\/uploads\/2022\/05\/Villa-Aurelia-6-05-740x660.jpg\" alt=\"Villa Aurelia 6\"><\/a>        <\/div>\n        <div class=\"item_text\">\n            <div class=\"item_title\">\n                <a href=\"https:\/\/makarska-touristik.com\/hr\/p\/villa-aurelia-6\/\">Villa Aurelia 6<\/a>\n            <\/div>\n                            <div class=\"item_bottom\">\n                    <div class=\"item_info_price\">\n                        <label>od<\/label>\n                        <span class=\"item_info_price_new\"><span class=\"currency_amount\" data-amount=\"350\">350<span class=\"currency_symbol\">&euro;<\/span><\/span><\/span>\n                          \/ no\u0107                                            <\/div>\n                <\/div>\n            \n\n        <\/div>\n    <\/div>\n<\/div><div class=\"babe_items babe_items_1 grid-item\">\n    <div class=\"babe_all_items_item_inner\">\n        <div class=\"item_img\">\n            <a class=\"item-thumb\" href=\"https:\/\/makarska-touristik.com\/hr\/p\/kuca-za-odomor-makarska-villa-matic-za-10-osoba\/\"><img decoding=\"async\" src=\"https:\/\/makarska-touristik.com\/wp-content\/uploads\/2016\/01\/1MB_1980-scaled-2-2-1-740x660.jpg\" alt=\"Ku\u0107a za odomor Makarska Villa Mati\u0107 (A10)\"><\/a>        <\/div>\n        <div class=\"item_text\">\n            <div class=\"item_title\">\n                <a href=\"https:\/\/makarska-touristik.com\/hr\/p\/kuca-za-odomor-makarska-villa-matic-za-10-osoba\/\">Ku\u0107a za odomor Makarska Villa Mati\u0107 (A10)<\/a>\n            <\/div>\n                            <div class=\"item_bottom\">\n                    <div class=\"item_info_price\">\n                        <label>od<\/label>\n                        <span class=\"item_info_price_new\"><span class=\"currency_amount\" data-amount=\"310\">310<span class=\"currency_symbol\">&euro;<\/span><\/span><\/span>\n                          \/ no\u0107                                            <\/div>\n                <\/div>\n            \n\n        <\/div>\n    <\/div>\n<\/div><div class=\"babe_items babe_items_1 grid-item\">\n    <div class=\"babe_all_items_item_inner\">\n        <div class=\"item_img\">\n            <a class=\"item-thumb\" href=\"https:\/\/makarska-touristik.com\/hr\/p\/smjestaj-brela-villa-bacana\/\"><img decoding=\"async\" src=\"https:\/\/makarska-touristik.com\/wp-content\/uploads\/2019\/09\/Villa-Bacana-001-1-740x660.jpg\" alt=\"Smje\u0161taj Brela Villa Bacana (A18)\"><\/a>        <\/div>\n        <div class=\"item_text\">\n            <div class=\"item_title\">\n                <a href=\"https:\/\/makarska-touristik.com\/hr\/p\/smjestaj-brela-villa-bacana\/\">Smje\u0161taj Brela Villa Bacana (A18)<\/a>\n            <\/div>\n                            <div class=\"item_bottom\">\n                    <div class=\"item_info_price\">\n                        <span class=\"item_info_price_new\">Cijena na upit<\/span>\n                    <\/div>\n                <\/div>\n            \n\n        <\/div>\n    <\/div>\n<\/div><div class=\"babe_items babe_items_1 grid-item\">\n    <div class=\"babe_all_items_item_inner\">\n        <div class=\"item_img\">\n            <a class=\"item-thumb\" href=\"https:\/\/makarska-touristik.com\/hr\/p\/penthouse-nikola\/\"><img decoding=\"async\" src=\"https:\/\/makarska-touristik.com\/wp-content\/uploads\/2024\/04\/Penthouse-Nikola-Makarska-001-740x660.jpg\" alt=\"Penthouse Nikola\"><\/a>        <\/div>\n        <div class=\"item_text\">\n            <div class=\"item_title\">\n                <a href=\"https:\/\/makarska-touristik.com\/hr\/p\/penthouse-nikola\/\">Penthouse Nikola<\/a>\n            <\/div>\n                            <div class=\"item_bottom\">\n                    <div class=\"item_info_price\">\n                        <span class=\"item_info_price_new\">Cijena na upit<\/span>\n                    <\/div>\n                <\/div>\n            \n\n        <\/div>\n    <\/div>\n<\/div><div class=\"babe_items babe_items_1 grid-item\">\n    <div class=\"babe_all_items_item_inner\">\n        <div class=\"item_img\">\n            <a class=\"item-thumb\" href=\"https:\/\/makarska-touristik.com\/hr\/p\/promajna-villa-olea-i-za-8-osoba\/\"><img decoding=\"async\" src=\"https:\/\/makarska-touristik.com\/wp-content\/uploads\/2020\/02\/Villa_Olea_03-740x660.jpg\" alt=\"Promajna Villa Olea I (A8)\"><\/a>        <\/div>\n        <div class=\"item_text\">\n            <div class=\"item_title\">\n                <a href=\"https:\/\/makarska-touristik.com\/hr\/p\/promajna-villa-olea-i-za-8-osoba\/\">Promajna Villa Olea I (A8)<\/a>\n            <\/div>\n                            <div class=\"item_bottom\">\n                    <div class=\"item_info_price\">\n                        <span class=\"item_info_price_new\">Cijena na upit<\/span>\n                    <\/div>\n                <\/div>\n            \n\n        <\/div>\n    <\/div>\n<\/div><div class=\"babe_items babe_items_1 grid-item\">\n    <div class=\"babe_all_items_item_inner\">\n        <div class=\"item_img\">\n            <a class=\"item-thumb\" href=\"https:\/\/makarska-touristik.com\/hr\/p\/promajna-villa-olea-ii-za-8-osoba\/\"><img decoding=\"async\" src=\"https:\/\/makarska-touristik.com\/wp-content\/uploads\/2020\/02\/Villa_Olea_01-1-740x660.jpg\" alt=\"Promajna Villa Olea II (A8)\"><\/a>        <\/div>\n        <div class=\"item_text\">\n            <div class=\"item_title\">\n                <a href=\"https:\/\/makarska-touristik.com\/hr\/p\/promajna-villa-olea-ii-za-8-osoba\/\">Promajna Villa Olea II (A8)<\/a>\n            <\/div>\n                            <div class=\"item_bottom\">\n                    <div class=\"item_info_price\">\n                        <span class=\"item_info_price_new\">Cijena na upit<\/span>\n                    <\/div>\n                <\/div>\n            \n\n        <\/div>\n    <\/div>\n<\/div><div class=\"babe_items babe_items_1 grid-item\">\n    <div class=\"babe_all_items_item_inner\">\n        <div class=\"item_img\">\n            <a class=\"item-thumb\" href=\"https:\/\/makarska-touristik.com\/hr\/p\/kuca-za-odomor-baska-voda-villa-prestige-102\/\"><img decoding=\"async\" src=\"https:\/\/makarska-touristik.com\/wp-content\/uploads\/2016\/02\/Vila-Prestige-31-740x660.jpg\" alt=\"Ku\u0107a za odmor Ba\u0161ka Voda Villa Prestige (A10+2)\"><\/a>        <\/div>\n        <div class=\"item_text\">\n            <div class=\"item_title\">\n                <a href=\"https:\/\/makarska-touristik.com\/hr\/p\/kuca-za-odomor-baska-voda-villa-prestige-102\/\">Ku\u0107a za odmor Ba\u0161ka Voda Villa Prestige (A10+2)<\/a>\n            <\/div>\n                            <div class=\"item_bottom\">\n                    <div class=\"item_info_price\">\n                        <span class=\"item_info_price_new\">Cijena na upit<\/span>\n                    <\/div>\n                <\/div>\n            \n\n        <\/div>\n    <\/div>\n<\/div><div class=\"babe_items babe_items_1 grid-item\">\n    <div class=\"babe_all_items_item_inner\">\n        <div class=\"item_img\">\n            <a class=\"item-thumb\" href=\"https:\/\/makarska-touristik.com\/hr\/p\/villa-mame-makarska\/\"><img decoding=\"async\" src=\"https:\/\/makarska-touristik.com\/wp-content\/uploads\/2020\/02\/Villa-Mame-1-740x660.jpg\" alt=\"Villa Mam\u00e9 Makarska (A8)\"><\/a>        <\/div>\n        <div class=\"item_text\">\n            <div class=\"item_title\">\n                <a href=\"https:\/\/makarska-touristik.com\/hr\/p\/villa-mame-makarska\/\">Villa Mam\u00e9 Makarska (A8)<\/a>\n            <\/div>\n                            <div class=\"item_bottom\">\n                    <div class=\"item_info_price\">\n                        <span class=\"item_info_price_new\">Cijena na upit<\/span>\n                    <\/div>\n                <\/div>\n            \n\n        <\/div>\n    <\/div>\n<\/div><div class=\"babe_items babe_items_1 grid-item\">\n    <div class=\"babe_all_items_item_inner\">\n        <div class=\"item_img\">\n            <a class=\"item-thumb\" href=\"https:\/\/makarska-touristik.com\/hr\/p\/villa-vista-al-mar-makarska\/\"><img decoding=\"async\" src=\"https:\/\/makarska-touristik.com\/wp-content\/uploads\/2023\/04\/5-740x660.webp\" alt=\"Villa Vista Al Mar Makarska\"><\/a>        <\/div>\n        <div class=\"item_text\">\n            <div class=\"item_title\">\n                <a href=\"https:\/\/makarska-touristik.com\/hr\/p\/villa-vista-al-mar-makarska\/\">Villa Vista Al Mar Makarska<\/a>\n            <\/div>\n                            <div class=\"item_bottom\">\n                    <div class=\"item_info_price\">\n                        <span class=\"item_info_price_new\">Cijena na upit<\/span>\n                    <\/div>\n                <\/div>\n            \n\n        <\/div>\n    <\/div>\n<\/div><div class=\"babe_items babe_items_1 grid-item\">\n    <div class=\"babe_all_items_item_inner\">\n        <div class=\"item_img\">\n            <a class=\"item-thumb\" href=\"https:\/\/makarska-touristik.com\/hr\/p\/makarska-villa-afrodita-1-za-8-osoba\/\"><img decoding=\"async\" src=\"https:\/\/makarska-touristik.com\/wp-content\/uploads\/2016\/07\/Afrodita-1-11-740x660.jpg\" alt=\"Ku\u0107a za odmor Makarska Villa Afrodita 1 (A8)\"><\/a>        <\/div>\n        <div class=\"item_text\">\n            <div class=\"item_title\">\n                <a href=\"https:\/\/makarska-touristik.com\/hr\/p\/makarska-villa-afrodita-1-za-8-osoba\/\">Ku\u0107a za odmor Makarska Villa Afrodita 1 (A8)<\/a>\n            <\/div>\n                            <div class=\"item_bottom\">\n                    <div class=\"item_info_price\">\n                        <span class=\"item_info_price_new\">Cijena na upit<\/span>\n                    <\/div>\n                <\/div>\n            \n\n        <\/div>\n    <\/div>\n<\/div><div class=\"babe_items babe_items_1 grid-item\">\n    <div class=\"babe_all_items_item_inner\">\n        <div class=\"item_img\">\n            <a class=\"item-thumb\" href=\"https:\/\/makarska-touristik.com\/hr\/p\/makarska-villa-afrodita-2-za-6-osoba\/\"><img decoding=\"async\" src=\"https:\/\/makarska-touristik.com\/wp-content\/uploads\/2016\/08\/Villa-Afrodita-2-2-740x660.jpg\" alt=\"Makarska Villa Afrodita 2 za 6 osoba (A6)\"><\/a>        <\/div>\n        <div class=\"item_text\">\n            <div class=\"item_title\">\n                <a href=\"https:\/\/makarska-touristik.com\/hr\/p\/makarska-villa-afrodita-2-za-6-osoba\/\">Makarska Villa Afrodita 2 za 6 osoba (A6)<\/a>\n            <\/div>\n                            <div class=\"item_bottom\">\n                    <div class=\"item_info_price\">\n                        <span class=\"item_info_price_new\">Cijena na upit<\/span>\n                    <\/div>\n                <\/div>\n            \n\n        <\/div>\n    <\/div>\n<\/div><div class=\"babe_items babe_items_1 grid-item\">\n    <div class=\"babe_all_items_item_inner\">\n        <div class=\"item_img\">\n            <a class=\"item-thumb\" href=\"https:\/\/makarska-touristik.com\/hr\/p\/kuca-za-odmor-makarska-villa-zana-62\/\"><img decoding=\"async\" src=\"https:\/\/makarska-touristik.com\/wp-content\/uploads\/2015\/10\/villa_zana_bazen_01-740x660.jpg\" alt=\"Ku\u0107a za odmor Makarska Villa \u017dana (A6+2)\"><\/a>        <\/div>\n        <div class=\"item_text\">\n            <div class=\"item_title\">\n                <a href=\"https:\/\/makarska-touristik.com\/hr\/p\/kuca-za-odmor-makarska-villa-zana-62\/\">Ku\u0107a za odmor Makarska Villa \u017dana (A6+2)<\/a>\n            <\/div>\n                            <div class=\"item_bottom\">\n                    <div class=\"item_info_price\">\n                        <span class=\"item_info_price_new\">Cijena na upit<\/span>\n                    <\/div>\n                <\/div>\n            \n\n        <\/div>\n    <\/div>\n<\/div><div class=\"babe_items babe_items_1 grid-item\">\n    <div class=\"babe_all_items_item_inner\">\n        <div class=\"item_img\">\n            <a class=\"item-thumb\" href=\"https:\/\/makarska-touristik.com\/hr\/p\/kuca-za-odmor-makarska-villa-marie-62\/\"><img decoding=\"async\" src=\"https:\/\/makarska-touristik.com\/wp-content\/uploads\/2015\/10\/villa_marko_01-740x660.jpg\" alt=\"Ku\u0107a za odmor Makarska Villa Marie (A6+2)\"><\/a>        <\/div>\n        <div class=\"item_text\">\n            <div class=\"item_title\">\n                <a href=\"https:\/\/makarska-touristik.com\/hr\/p\/kuca-za-odmor-makarska-villa-marie-62\/\">Ku\u0107a za odmor Makarska Villa Marie (A6+2)<\/a>\n            <\/div>\n                            <div class=\"item_bottom\">\n                    <div class=\"item_info_price\">\n                        <span class=\"item_info_price_new\">Cijena na upit<\/span>\n                    <\/div>\n                <\/div>\n            \n\n        <\/div>\n    <\/div>\n<\/div><div class=\"babe_items babe_items_1 grid-item\">\n    <div class=\"babe_all_items_item_inner\">\n        <div class=\"item_img\">\n            <a class=\"item-thumb\" href=\"https:\/\/makarska-touristik.com\/hr\/p\/kuca-za-odmor-villa-vis-maris\/\"><img decoding=\"async\" src=\"https:\/\/makarska-touristik.com\/wp-content\/uploads\/2019\/07\/43-1-740x660.jpg\" alt=\"Ku\u0107a za odmor Villa Vis Maris (A6+2)\"><\/a>        <\/div>\n        <div class=\"item_text\">\n            <div class=\"item_title\">\n                <a href=\"https:\/\/makarska-touristik.com\/hr\/p\/kuca-za-odmor-villa-vis-maris\/\">Ku\u0107a za odmor Villa Vis Maris (A6+2)<\/a>\n            <\/div>\n                            <div class=\"item_bottom\">\n                    <div class=\"item_info_price\">\n                        <span class=\"item_info_price_new\">Cijena na upit<\/span>\n                    <\/div>\n                <\/div>\n            \n\n        <\/div>\n    <\/div>\n<\/div><div class=\"babe_items babe_items_1 grid-item\">\n    <div class=\"babe_all_items_item_inner\">\n        <div class=\"item_img\">\n            <a class=\"item-thumb\" href=\"https:\/\/makarska-touristik.com\/hr\/p\/holiday-home-dida-mate\/\"><img decoding=\"async\" src=\"https:\/\/makarska-touristik.com\/wp-content\/uploads\/2024\/07\/Holiday-Home-Dida-Mate-11-740x660.jpg\" alt=\"Ku\u0107a za odmor Dida Mate\"><\/a>        <\/div>\n        <div class=\"item_text\">\n            <div class=\"item_title\">\n                <a href=\"https:\/\/makarska-touristik.com\/hr\/p\/holiday-home-dida-mate\/\">Ku\u0107a za odmor Dida Mate<\/a>\n            <\/div>\n                            <div class=\"item_bottom\">\n                    <div class=\"item_info_price\">\n                        <span class=\"item_info_price_new\">Cijena na upit<\/span>\n                    <\/div>\n                <\/div>\n            \n\n        <\/div>\n    <\/div>\n<\/div><div class=\"babe_items babe_items_1 grid-item\">\n    <div class=\"babe_all_items_item_inner\">\n        <div class=\"item_img\">\n            <a class=\"item-thumb\" href=\"https:\/\/makarska-touristik.com\/hr\/p\/kuca-za-odmor-tucepi-villa-ljubini-dvori\/\"><img decoding=\"async\" src=\"https:\/\/makarska-touristik.com\/wp-content\/uploads\/2019\/07\/2Lalici-069-740x660.jpg\" alt=\"Ku\u0107a za odmor Tu\u010depi Villa \u201cLjubini dvori\u201d (A8+2)\"><\/a>        <\/div>\n        <div class=\"item_text\">\n            <div class=\"item_title\">\n                <a href=\"https:\/\/makarska-touristik.com\/hr\/p\/kuca-za-odmor-tucepi-villa-ljubini-dvori\/\">Ku\u0107a za odmor Tu\u010depi Villa \u201cLjubini dvori\u201d (A8+2)<\/a>\n            <\/div>\n                            <div class=\"item_bottom\">\n                    <div class=\"item_info_price\">\n                        <span class=\"item_info_price_new\">Cijena na upit<\/span>\n                    <\/div>\n                <\/div>\n            \n\n        <\/div>\n    <\/div>\n<\/div>\n\t\t\t\t\t\t<\/div>\n\t\t\t\t\t<\/div>\n\t\t\t\t<\/div>\n\t\t\t        \t\t<\/div>\n\t\t\t\t<\/div>\n\t\t\t\t\t<\/div>\n\t\t\t\t<\/div>\n\t\t\t\t<\/div>\n\t\t","protected":false},"excerpt":{"rendered":"<p>Na\u0161e Vile Vila Roga\u010d 1 od 1100&euro; \/ no\u0107 Vila Vesna od 230&euro; \/ no\u0107 Ku\u0107a za odmor Dida Mate od 380&euro; \/ no\u0107 Villa Iva od 600&euro; \/ no\u0107 Villa Vista Al Mar Makarska od 1350&euro; \/ no\u0107 Villa Aurelia 6 od 625&euro; \/ no\u0107 Villa Aurelia 8 od 875&euro; \/ no\u0107 Villa Monia [&hellip;]<\/p>\n","protected":false},"author":3,"featured_media":0,"parent":0,"menu_order":0,"comment_status":"closed","ping_status":"closed","template":"","meta":{"footnotes":""},"yoast_head":"<!-- This site is optimized with the Yoast SEO plugin v23.1 - https:\/\/yoast.com\/wordpress\/plugins\/seo\/ -->\n<title>Vile &#8212; Makarska Touristik<\/title>\n<meta name=\"description\" content=\"Prona\u0111ite savr\u0161enu vilu za najam iz na\u0161e ponude.\" \/>\n<meta name=\"robots\" content=\"index, follow, max-snippet:-1, max-image-preview:large, max-video-preview:-1\" \/>\n<link rel=\"canonical\" href=\"https:\/\/makarska-touristik.com\/hr\/vile\/\" \/>\n<meta property=\"og:locale\" content=\"hr_HR\" \/>\n<meta property=\"og:type\" content=\"article\" \/>\n<meta property=\"og:title\" content=\"Vile &#8212; Makarska Touristik\" \/>\n<meta property=\"og:description\" content=\"Prona\u0111ite savr\u0161enu vilu za najam iz na\u0161e ponude.\" \/>\n<meta property=\"og:url\" content=\"https:\/\/makarska-touristik.com\/hr\/vile\/\" \/>\n<meta property=\"og:site_name\" content=\"Makarska Touristik\" \/>\n<meta property=\"article:modified_time\" content=\"2024-07-15T07:22:38+00:00\" \/>\n<meta property=\"og:image\" content=\"https:\/\/makarska-touristik.com\/wp-content\/uploads\/2024\/07\/Vila-Rogac-1-new-1-740x660.jpg\" \/>\n<meta name=\"twitter:card\" content=\"summary_large_image\" \/>\n<meta name=\"twitter:label1\" content=\"Procijenjeno vrijeme \u010ditanja\" \/>\n\t<meta name=\"twitter:data1\" content=\"6 minuta\" \/>\n<script type=\"application\/ld+json\" class=\"yoast-schema-graph\">{\"@context\":\"https:\/\/schema.org\",\"@graph\":[{\"@type\":\"WebPage\",\"@id\":\"https:\/\/makarska-touristik.com\/hr\/vile\/\",\"url\":\"https:\/\/makarska-touristik.com\/hr\/vile\/\",\"name\":\"Vile &#8212; Makarska Touristik\",\"isPartOf\":{\"@id\":\"https:\/\/makarska-touristik.com\/hr\/#website\"},\"primaryImageOfPage\":{\"@id\":\"https:\/\/makarska-touristik.com\/hr\/vile\/#primaryimage\"},\"image\":{\"@id\":\"https:\/\/makarska-touristik.com\/hr\/vile\/#primaryimage\"},\"thumbnailUrl\":\"https:\/\/makarska-touristik.com\/wp-content\/uploads\/2024\/07\/Vila-Rogac-1-new-1-740x660.jpg\",\"datePublished\":\"2024-02-26T07:38:45+00:00\",\"dateModified\":\"2024-07-15T07:22:38+00:00\",\"description\":\"Prona\u0111ite savr\u0161enu vilu za najam iz na\u0161e ponude.\",\"inLanguage\":\"hr\",\"potentialAction\":[{\"@type\":\"ReadAction\",\"target\":[\"https:\/\/makarska-touristik.com\/hr\/vile\/\"]}]},{\"@type\":\"ImageObject\",\"inLanguage\":\"hr\",\"@id\":\"https:\/\/makarska-touristik.com\/hr\/vile\/#primaryimage\",\"url\":\"https:\/\/makarska-touristik.com\/wp-content\/uploads\/2024\/07\/Vila-Rogac-1-new-1-740x660.jpg\",\"contentUrl\":\"https:\/\/makarska-touristik.com\/wp-content\/uploads\/2024\/07\/Vila-Rogac-1-new-1-740x660.jpg\"},{\"@type\":\"WebSite\",\"@id\":\"https:\/\/makarska-touristik.com\/hr\/#website\",\"url\":\"https:\/\/makarska-touristik.com\/hr\/\",\"name\":\"Makarska Touristik\",\"description\":\"\",\"publisher\":{\"@id\":\"https:\/\/makarska-touristik.com\/hr\/#organization\"},\"potentialAction\":[{\"@type\":\"SearchAction\",\"target\":{\"@type\":\"EntryPoint\",\"urlTemplate\":\"https:\/\/makarska-touristik.com\/hr\/?s={search_term_string}\"},\"query-input\":\"required name=search_term_string\"}],\"inLanguage\":\"hr\"},{\"@type\":\"Organization\",\"@id\":\"https:\/\/makarska-touristik.com\/hr\/#organization\",\"name\":\"Makarska Touristik\",\"url\":\"https:\/\/makarska-touristik.com\/hr\/\",\"logo\":{\"@type\":\"ImageObject\",\"inLanguage\":\"hr\",\"@id\":\"https:\/\/makarska-touristik.com\/hr\/#\/schema\/logo\/image\/\",\"url\":\"https:\/\/makarska-touristik.com\/wp-content\/uploads\/2024\/02\/logo-mt-big-font-600w.png\",\"contentUrl\":\"https:\/\/makarska-touristik.com\/wp-content\/uploads\/2024\/02\/logo-mt-big-font-600w.png\",\"width\":600,\"height\":79,\"caption\":\"Makarska Touristik\"},\"image\":{\"@id\":\"https:\/\/makarska-touristik.com\/hr\/#\/schema\/logo\/image\/\"}}]}<\/script>\n<!-- \/ Yoast SEO plugin. -->","yoast_head_json":{"title":"Vile &#8212; Makarska Touristik","description":"Prona\u0111ite savr\u0161enu vilu za najam iz na\u0161e ponude.","robots":{"index":"index","follow":"follow","max-snippet":"max-snippet:-1","max-image-preview":"max-image-preview:large","max-video-preview":"max-video-preview:-1"},"canonical":"https:\/\/makarska-touristik.com\/hr\/vile\/","og_locale":"hr_HR","og_type":"article","og_title":"Vile &#8212; Makarska Touristik","og_description":"Prona\u0111ite savr\u0161enu vilu za najam iz na\u0161e ponude.","og_url":"https:\/\/makarska-touristik.com\/hr\/vile\/","og_site_name":"Makarska Touristik","article_modified_time":"2024-07-15T07:22:38+00:00","og_image":[{"url":"https:\/\/makarska-touristik.com\/wp-content\/uploads\/2024\/07\/Vila-Rogac-1-new-1-740x660.jpg"}],"twitter_card":"summary_large_image","twitter_misc":{"Procijenjeno vrijeme \u010ditanja":"6 minuta"},"schema":{"@context":"https:\/\/schema.org","@graph":[{"@type":"WebPage","@id":"https:\/\/makarska-touristik.com\/hr\/vile\/","url":"https:\/\/makarska-touristik.com\/hr\/vile\/","name":"Vile &#8212; Makarska Touristik","isPartOf":{"@id":"https:\/\/makarska-touristik.com\/hr\/#website"},"primaryImageOfPage":{"@id":"https:\/\/makarska-touristik.com\/hr\/vile\/#primaryimage"},"image":{"@id":"https:\/\/makarska-touristik.com\/hr\/vile\/#primaryimage"},"thumbnailUrl":"https:\/\/makarska-touristik.com\/wp-content\/uploads\/2024\/07\/Vila-Rogac-1-new-1-740x660.jpg","datePublished":"2024-02-26T07:38:45+00:00","dateModified":"2024-07-15T07:22:38+00:00","description":"Prona\u0111ite savr\u0161enu vilu za najam iz na\u0161e ponude.","inLanguage":"hr","potentialAction":[{"@type":"ReadAction","target":["https:\/\/makarska-touristik.com\/hr\/vile\/"]}]},{"@type":"ImageObject","inLanguage":"hr","@id":"https:\/\/makarska-touristik.com\/hr\/vile\/#primaryimage","url":"https:\/\/makarska-touristik.com\/wp-content\/uploads\/2024\/07\/Vila-Rogac-1-new-1-740x660.jpg","contentUrl":"https:\/\/makarska-touristik.com\/wp-content\/uploads\/2024\/07\/Vila-Rogac-1-new-1-740x660.jpg"},{"@type":"WebSite","@id":"https:\/\/makarska-touristik.com\/hr\/#website","url":"https:\/\/makarska-touristik.com\/hr\/","name":"Makarska Touristik","description":"","publisher":{"@id":"https:\/\/makarska-touristik.com\/hr\/#organization"},"potentialAction":[{"@type":"SearchAction","target":{"@type":"EntryPoint","urlTemplate":"https:\/\/makarska-touristik.com\/hr\/?s={search_term_string}"},"query-input":"required name=search_term_string"}],"inLanguage":"hr"},{"@type":"Organization","@id":"https:\/\/makarska-touristik.com\/hr\/#organization","name":"Makarska Touristik","url":"https:\/\/makarska-touristik.com\/hr\/","logo":{"@type":"ImageObject","inLanguage":"hr","@id":"https:\/\/makarska-touristik.com\/hr\/#\/schema\/logo\/image\/","url":"https:\/\/makarska-touristik.com\/wp-content\/uploads\/2024\/02\/logo-mt-big-font-600w.png","contentUrl":"https:\/\/makarska-touristik.com\/wp-content\/uploads\/2024\/02\/logo-mt-big-font-600w.png","width":600,"height":79,"caption":"Makarska Touristik"},"image":{"@id":"https:\/\/makarska-touristik.com\/hr\/#\/schema\/logo\/image\/"}}]}},"_links":{"self":[{"href":"https:\/\/makarska-touristik.com\/hr\/wp-json\/wp\/v2\/pages\/130041"}],"collection":[{"href":"https:\/\/makarska-touristik.com\/hr\/wp-json\/wp\/v2\/pages"}],"about":[{"href":"https:\/\/makarska-touristik.com\/hr\/wp-json\/wp\/v2\/types\/page"}],"author":[{"embeddable":true,"href":"https:\/\/makarska-touristik.com\/hr\/wp-json\/wp\/v2\/users\/3"}],"replies":[{"embeddable":true,"href":"https:\/\/makarska-touristik.com\/hr\/wp-json\/wp\/v2\/comments?post=130041"}],"version-history":[{"count":8,"href":"https:\/\/makarska-touristik.com\/hr\/wp-json\/wp\/v2\/pages\/130041\/revisions"}],"predecessor-version":[{"id":207824,"href":"https:\/\/makarska-touristik.com\/hr\/wp-json\/wp\/v2\/pages\/130041\/revisions\/207824"}],"wp:attachment":[{"href":"https:\/\/makarska-touristik.com\/hr\/wp-json\/wp\/v2\/media?parent=130041"}],"curies":[{"name":"wp","href":"https:\/\/api.w.org\/{rel}","templated":true}]}}